{"id":3,"date":"2020-05-14T12:33:21","date_gmt":"2020-05-14T12:33:21","guid":{"rendered":"http:\/\/www.serrano-eng.cat\/temporal\/?page_id=3"},"modified":"2024-04-19T09:08:47","modified_gmt":"2024-04-19T09:08:47","slug":"politica-privacidad","status":"publish","type":"page","link":"https:\/\/www.serrano-eng.cat\/?page_id=3","title":{"rendered":"Pol\u00edtica de privacidad"},"content":{"rendered":"\n<p><strong><u>POL\u00cdTICA DE PRIVACITAT<\/u><\/strong><strong><\/strong><\/p>\n\n\n\n<p>El nostre objectiu, \u00e9s ser el m\u00e9s transparents possible amb els nostres usuaris i clients, sobre les dades personals que recopilem. La seva privacitat \u00e9s important per a nosaltres.<\/p>\n\n\n\n<p>Mitjan\u00e7ant la lectura de la present Pol\u00edtica de privacitat, l&#8217;usuari queda informat sobre la forma en qu\u00e8 SERRANO EMPORD\u00c0 ENGINYERS recapta, tracta i protegeix les dades de car\u00e0cter personal que li s\u00f3n facilitats a trav\u00e9s del lloc web &#8211; <a href=\"https:\/\/www.serrano-eng.cat\/\">https:\/\/www.serrano-eng.cat\/<\/a> &nbsp;(d&#8217;ara endavant, el lloc web) i aquelles altres dades que pugui facilitar en un futur a SERRANO EMPORD\u00c0 ENGINYERS per altres mitjans.<\/p>\n\n\n\n<p>L&#8217;usuari ha de llegir amb atenci\u00f3 aquesta Pol\u00edtica de privacitat, que ha estat redactada de forma clara i senzilla, per facilitar la seva comprensi\u00f3, i determinar lliure i volunt\u00e0riament si desitja facilitar les seves dades personals a SERRANO EMPORD\u00c0 ENGINYERS.<\/p>\n\n\n\n<p>En emplenar qualsevol formulari i fer clic en la casella &#8220;He llegit la pol\u00edtica de privacitat&#8221; o similar, l&#8217;usuari manifesta expressament que ha llegit la present pol\u00edtica de privacitat on s\u2019indiquen els tractaments de dades que es realitzen i les finalitats, entre d\u2019altres informacions, donant-se aix\u00ed compliment al deure d\u2019informar que imposa la normativa de Protecci\u00f3 de Dades.<\/p>\n\n\n\n<p>En aquells casos en que en la plana web corporativa es sol\u00b7liciti el consentiment per a una finalitat concreta, en clicar la casella \u201cAccepto\u201d o similar, o marcar la casella de selecci\u00f3 (<em>check box<\/em>), l\u2019usuari dona el consentiment inequ\u00edvoc i expr\u00e9s per al tractament en q\u00fcesti\u00f3.<\/p>\n\n\n\n<p><strong>Qui \u00e9s el responsable del tractament de les seves dades?<\/strong><\/p>\n\n\n\n<p>\u2022 Identitat: SERRANO EMPORD\u00c0 ENGINYERS, S.L. &nbsp;\u2013 CIF: B17850298<\/p>\n\n\n\n<p>\u2022 Adre\u00e7a: Carrer dels Pescadors, 21 1r.1a. -17480 Roses (Girona)<\/p>\n\n\n\n<p>\u2022 Tel\u00e8fon: 972154688<\/p>\n\n\n\n<p>\u2022 Correu electr\u00f2nic: <a href=\"mailto:info@serrano-eng.cat\">info@serrano-eng.cat<\/a><\/p>\n\n\n\n<p><strong><u>&#8211; Tractament de DADES recaptades mitjan\u00e7ant la WEB<\/u><\/strong><strong><\/strong><\/p>\n\n\n\n<p><strong>Amb quina finalitat tractem les seves dades personals?<\/strong><\/p>\n\n\n\n<p>A SERRANO EMPORD\u00c0 ENGINYERS tractem la informaci\u00f3 que ens faciliten les persones interessades amb la finalitat d&#8217;atendre la seva sol\u00b7licitud i, en el seu cas, enviar-li informaci\u00f3 sobre els nostres productes o serveis, aix\u00ed com els nostres butlletins.<\/p>\n\n\n\n<p>No es prendran decisions automatitzades en base a les dades proporcionades.<\/p>\n\n\n\n<p><strong>Per a quant temps conservarem les seves dades?<\/strong><\/p>\n\n\n\n<p>Les dades es conservaran mentre l&#8217;interessat no sol\u00b7liciti la seva supressi\u00f3 o mentre duri la relaci\u00f3 comercial, sempre respectant els terminis de prescripci\u00f3 de responsabilitats.<\/p>\n\n\n\n<p><strong>Quina \u00e9s la legitimaci\u00f3 per al tractament de les seves dades?<\/strong><\/p>\n\n\n\n<p>Consentiment de l&#8217;interessat (marcant casella de selecci\u00f3 o <em>check box<\/em>): Atendre la seva sol\u00b7licitud i, en el seu cas, enviar-li informaci\u00f3 sobre els nostres productes o serveis, aix\u00ed com els nostres butlletins.<\/p>\n\n\n\n<p><strong>A quins destinataris es comunicaran les seves dades?<\/strong><\/p>\n\n\n\n<p>No se cediran dades a tercers, excepte obligaci\u00f3 legal.<\/p>\n\n\n\n<p><strong>Transfer\u00e8ncies de dades a tercers pa\u00efsos?<\/strong><\/p>\n\n\n\n<p>No estan previstes transfer\u00e8ncies de dades a tercers pa\u00efsos.<\/p>\n\n\n\n<p><strong>Com hem obtingut les seves dades?<\/strong><\/p>\n\n\n\n<p>Les dades personals que tractem a SERRANO EMPORD\u00c0 ENGINYERS procedeixen del propi interessat o del seu representant legal.<\/p>\n\n\n\n<p><strong><u>&#8211; Tractament de DADES per SELECCI\u00d3 del PERSONAL<\/u><\/strong><strong><\/strong><\/p>\n\n\n\n<p><strong>Amb quina finalitat tractem les seves dades personals?<\/strong><\/p>\n\n\n\n<p>A SERRANO EMPORD\u00c0 ENGINYERS tractem la informaci\u00f3 que ens faciliten les persones interessades amb la finalitat de realitzar els processos de selecci\u00f3 de personal.<\/p>\n\n\n\n<p>No es prendran decisions automatitzades en base a les dades proporcionades.<\/p>\n\n\n\n<p><strong>Per a quant temps conservarem les seves dades?<\/strong><\/p>\n\n\n\n<p>Es conservaran durant dos anys, a excepci\u00f3 que l&#8217;interessat retiri el seu consentiment abans del termini m\u00e0xim de conservaci\u00f3.<\/p>\n\n\n\n<p><strong>Quina \u00e9s la legitimaci\u00f3 per al tractament de les seves dades?<\/strong><\/p>\n\n\n\n<p>Consentiment de l&#8217;interessat: Participar en els processos de selecci\u00f3 de personal.<\/p>\n\n\n\n<p><strong>A quins destinataris es comunicaran les seves dades?<\/strong><\/p>\n\n\n\n<p>No se cediran dades a tercers, excepte obligaci\u00f3 legal.<\/p>\n\n\n\n<p><strong>Transfer\u00e8ncies de dades a tercers pa\u00efsos?<\/strong><\/p>\n\n\n\n<p>No estan previstes transfer\u00e8ncies de dades a tercers pa\u00efsos.<\/p>\n\n\n\n<p><strong>Com hem obtingut les seves dades?<\/strong><\/p>\n\n\n\n<p>Les dades personals que tractem a SERRANO EMPORD\u00c0 ENGINYERS procedeixen del propi interessat o del seu representant legal.<\/p>\n\n\n\n<p>Les categories de dades que es tracten s\u00f3n:<\/p>\n\n\n\n<p>\u2022 Dades identificatives<\/p>\n\n\n\n<p>\u2022 Adreces postals i electr\u00f2niques<\/p>\n\n\n\n<p>\u2022 Dades professionals i acad\u00e8miques<\/p>\n\n\n\n<p>No es tracten categories especials de dades personals (s\u00f3n aquelles dades que revelin l&#8217;origen \u00e8tnic o racial, les opinions pol\u00edtiques, les conviccions religioses o filos\u00f2fiques, o l&#8217;afiliaci\u00f3 sindical, dades gen\u00e8tiques, dades biom\u00e8triques dirigides a identificar de manera un\u00edvoca a una persona f\u00edsica, dades relatives a la salut o dades relatives a la vida sexual o l&#8217;orientaci\u00f3 sexual d&#8217;una persona f\u00edsica).<\/p>\n\n\n\n<p><strong><u>&#8211; Tractament de DADES de CLIENTS<\/u><\/strong><strong><\/strong><\/p>\n\n\n\n<p><strong>Amb quina finalitat tractem les seves dades personals?<\/strong><\/p>\n\n\n\n<p>A SERRANO EMPORD\u00c0 ENGINYERS tractem la informaci\u00f3 que ens faciliten les persones interessades amb la finalitat principal de prestar-li els serveis sol\u00b7licitats, aix\u00ed com realitzar la gesti\u00f3 administrativa, comptable i fiscal derivada de dits serveis o venda de producte, i, en el seu cas, per enviar comunicacions comercials sobre els nostres productes i serveis.<\/p>\n\n\n\n<p>No es prendran decisions automatitzades en base a les dades proporcionades.<\/p>\n\n\n\n<p><strong>Per a quant temps conservarem les seves dades?<\/strong><\/p>\n\n\n\n<p>Les dades es conservaran mentre l&#8217;interessat no sol\u00b7liciti la seva supressi\u00f3, i si escau, durant els anys necessaris per complir amb les obligacions legals.<\/p>\n\n\n\n<p><strong>Quina \u00e9s la legitimaci\u00f3 per al tractament de les seves dades?<\/strong><\/p>\n\n\n\n<p>Li indiquem la base legal per al tractament de les seves dades:<\/p>\n\n\n\n<p>Execuci\u00f3 d&#8217;un contracte: Prestar els serveis sol\u00b7licitats<\/p>\n\n\n\n<p>Obligaci\u00f3 legal: Realitzar la gesti\u00f3 administrativa, comptable i fiscal dels serveis sol\u00b7licitats.<\/p>\n\n\n\n<p>Inter\u00e8s leg\u00edtim del Responsable: Enviar comunicacions comercials sobre els nostres productes i serveis.<\/p>\n\n\n\n<p><strong>A quins destinataris es comunicaran les seves dades?<\/strong><\/p>\n\n\n\n<p>Les dades es comunicaran als seg\u00fcents destinataris:<\/p>\n\n\n\n<p>Ag\u00e8ncia Tribut\u00e0ria, amb la finalitat de complir amb les obligacions legals. (Requisit legal).<\/p>\n\n\n\n<p>Entitats financeres, amb la finalitat de girar els rebuts corresponents, en el seu cas. (Requisit contractual).<\/p>\n\n\n\n<p><strong>Transfer\u00e8ncies de dades a tercers pa\u00efsos<\/strong><\/p>\n\n\n\n<p>No estan previstes transfer\u00e8ncies de dades a tercers pa\u00efsos.<\/p>\n\n\n\n<p><strong>Com hem obtingut les seves dades?<\/strong><\/p>\n\n\n\n<p>Les dades personals que tractem a SERRANO EMPORD\u00c0 ENGINYERS procedeixen de: El propi interessat.<\/p>\n\n\n\n<p>Les categories de dades que es tracten s\u00f3n:<\/p>\n\n\n\n<p>\u2022 Dades identificatives<\/p>\n\n\n\n<p>\u2022 Adreces postals i electr\u00f2niques<\/p>\n\n\n\n<p>\u2022 Informaci\u00f3 comercial<\/p>\n\n\n\n<p>\u2022 Informaci\u00f3 banc\u00e0ria, en el seu cas<\/p>\n\n\n\n<p><strong>DRETS DE L\u2019INTERESSAT<\/strong><\/p>\n\n\n\n<p><strong>Quins s\u00f3n els seus drets quan ens facilita les seves dades?<\/strong><\/p>\n\n\n\n<p>Qualsevol persona t\u00e9 dret a obtenir confirmaci\u00f3 sobre si a SERRANO EMPORD\u00c0 ENGINYERS estem tractant dades personals que els concerneixin, o no.<\/p>\n\n\n\n<p>Les persones interessades tenen <strong><u>dret a accedir<\/u><\/strong> (art. 15 RGPD) a les seves dades personals, aix\u00ed com a <strong><u>sol\u00b7licitar la rectificaci\u00f3<\/u><\/strong> (art. 16 RGPD) de les dades inexactes o, si escau, <strong><u>sol\u00b7licitar la seva supressi\u00f3<\/u><\/strong> (art. 17 RGPD) quan, entre altres motius, les dades ja no siguin necess\u00e0ries per a les finalitats que van ser recollides.<\/p>\n\n\n\n<p>En determinades circumst\u00e0ncies, els interessats podran <strong><u>sol\u00b7licitar la limitaci\u00f3<\/u><\/strong> (Art. 18 RGPD) del tractament de les seves dades, en aquest cas \u00fanicament els conservarem per a l&#8217;exercici o la defensa de reclamacions.<\/p>\n\n\n\n<p>En determinades circumst\u00e0ncies i per motius relacionats amb la seva situaci\u00f3 particular, els interessats podran <strong><u>oposar-se al tractament<\/u><\/strong> (art. 21 RGPD) de les seves dades. En aquest cas, SERRANO EMPORD\u00c0 ENGINYERS deixar\u00e0 de tractar les dades, a menys que hi hagi motius leg\u00edtims imperiosos, o l&#8217;exercici o la defensa de possibles reclamacions.<\/p>\n\n\n\n<p>Tamb\u00e9 tindr\u00e0 dret a <strong><u>sol\u00b7licitar la portabilitat<\/u><\/strong> (art. 20 RGPD) de les seves dades personals. Aix\u00f2 significa que tindr\u00e0 dret a rebre les dades personals que ens hagi facilitat en un format estructurat, d&#8217;\u00fas com\u00fa i llegible per una m\u00e0quina, per poder transmetre-ho a una altra entitat directament, sempre que t\u00e8cnicament sigui possible.<\/p>\n\n\n\n<p>Si ha atorgat el seu consentiment per a alguna finalitat concreta, t\u00e9 dret a retirar el consentiment (art. 7 RGPD) en qualsevol moment, sense que la retirada afecti a la licitud del tractament basat en el consentiment previ a la seva retirada.<\/p>\n\n\n\n<p>Pot exercir els seus drets adre\u00e7ant-se al responsable presencialment per correu postal, o b\u00e9 per correu electr\u00f2nic a l\u2019adre\u00e7a electr\u00f2nica del responsable, enviant la inst\u00e0ncia\/sol\u00b7licitud. Els formularis per a les sol\u00b7licituds\/exercici de drets, pot trobar-los al lloc web de l\u2019Ag\u00e8ncia Espanyola de Protecci\u00f3 de Dades:<\/p>\n\n\n\n<figure class=\"wp-block-embed\"><div class=\"wp-block-embed__wrapper\">\nhttps:\/\/www.aepd.es\/reglamento\/derechos\/index.html#anchor\n<\/div><\/figure>\n\n\n\n<p>En cas que cregui vulnerats els seus drets pel que concerneix la protecci\u00f3 de les seves dades personals, especialment quan no hagi obtingut satisfacci\u00f3 en l&#8217;exercici dels seus drets, pot presentar una reclamaci\u00f3 davant l&#8217;Autoritat de Control en mat\u00e8ria de Protecci\u00f3 de Dades competent accedint a la seu electr\u00f2nica de l\u2019Ag\u00e8ncia Espanyola de Protecci\u00f3 de Dades:<\/p>\n\n\n\n<figure class=\"wp-block-embed\"><div class=\"wp-block-embed__wrapper\">\nhttps:\/\/sedeagpd.gob.es\/sede-electronica-web\/vistas\/infoSede\/canalesAcceso.jsf\n<\/div><\/figure>\n\n\n\n<p><strong>OBLIGATORIETAT DE FACILITAR LES DADES<\/strong><\/p>\n\n\n\n<p>Les dades sol\u00b7licitades en els formularis accessibles des del Lloc web de SERRANO EMPORD\u00c0 ENGINYERS i, en general, aquelles que sol\u00b7liciti l&#8217;empresa per a la prestaci\u00f3 del servei\/venda de producte, s\u00f3n, amb car\u00e0cter general, obligatoris (tret que en el camp requerit s&#8217;especifiqui el contrari) per a complir amb les finalitats establertes. Per tant, si no es faciliten els mateixos o no es faciliten amb exactitud, \u00e9s possible que no puguin atendre&#8217;s les sol\u00b7licituds correctament.<\/p>\n\n\n\n<p>En cas que l&#8217;interessat faciliti dades de tercers, manifesta comptar amb el consentiment d&#8217;aquests i es compromet a traslladar a l&#8217;interessat, titular d&#8217;aquestes dades, la informaci\u00f3 continguda en la present Pol\u00edtica de Privacitat, eximint a SERRANO EMPORD\u00c0 ENGINYERS de qualsevol responsabilitat en aquest sentit.<\/p>\n\n\n\n<p><strong>MESURES DE SEGURETAT<\/strong><\/p>\n\n\n\n<p>Les dades personals seran tractades de manera l\u00edcita, lleial i transparent en relaci\u00f3 amb l&#8217;interessat (\u00ablicitud, lleialtat i transpar\u00e8ncia\u00bb); recollits amb finalitats determinades, expl\u00edcites i leg\u00edtimes, i no seran tractades ulteriorment de manera incompatible amb aquests fins; adequades, pertinents i limitades al necessari en relaci\u00f3 amb els fins per als quals s\u00f3n tractats, mantingudes de manera que es permeti la identificaci\u00f3 dels interessats durant no m\u00e9s temps del necessari per als fins del tractament de les dades personals (respectant els terminis de prescripci\u00f3 de responsabilitats); tractats de tal manera que es garanteixi una seguretat adequada de les dades personals, inclosa la protecci\u00f3 contra el tractament no autoritzat o il\u00b7l\u00edcit i contra la seva p\u00e8rdua, destrucci\u00f3 o dany accidental, mitjan\u00e7ant l&#8217;aplicaci\u00f3 de mesures t\u00e8cniques o organitzatives apropiades (\u00abintegritat i confidencialitat\u00bb).<\/p>\n\n\n\n<p>Seguim uns estrictes criteris de selecci\u00f3 de prove\u00efdors de serveis amb acc\u00e9s a dades personals, tot aix\u00f2 per a donar compliment a les seves obligacions en mat\u00e8ria de protecci\u00f3 de dades, aix\u00ed com formalitzar amb ells el corresponent contracte d&#8217;encarregat del tractament (art. 28 RGPD), mitjan\u00e7ant el qual se&#8217;ls imposar\u00e0, entre altres, les seg\u00fcents obligacions: aplicar mesures t\u00e8cniques i organitzatives apropiades; tractar les dades seguint les nostres instruccions; i suprimir o retornar-nos les dades una vegada finalitzi la prestaci\u00f3 dels serveis.<\/p>\n\n\n\n<p><\/p>\n","protected":false},"excerpt":{"rendered":"<p>POL\u00cdTICA DE PRIVACITAT El nostre objectiu, \u00e9s ser el m\u00e9s transparents possible amb els nostres usuaris i clients, sobre les dades personals que recopilem. La seva privacitat \u00e9s important per a nosaltres. Mitjan\u00e7ant la lectura de la present Pol\u00edtica de privacitat, l&#8217;usuari queda informat sobre la forma en qu\u00e8 SERRANO EMPORD\u00c0 ENGINYERS recapta, tracta i&hellip;<\/p>\n","protected":false},"author":1,"featured_media":0,"parent":0,"menu_order":0,"comment_status":"closed","ping_status":"open","template":"","meta":[],"_links":{"self":[{"href":"https:\/\/www.serrano-eng.cat\/index.php?rest_route=\/wp\/v2\/pages\/3"}],"collection":[{"href":"https:\/\/www.serrano-eng.cat\/index.php?rest_route=\/wp\/v2\/pages"}],"about":[{"href":"https:\/\/www.serrano-eng.cat\/index.php?rest_route=\/wp\/v2\/types\/page"}],"author":[{"embeddable":true,"href":"https:\/\/www.serrano-eng.cat\/index.php?rest_route=\/wp\/v2\/users\/1"}],"replies":[{"embeddable":true,"href":"https:\/\/www.serrano-eng.cat\/index.php?rest_route=%2Fwp%2Fv2%2Fcomments&post=3"}],"version-history":[{"count":1,"href":"https:\/\/www.serrano-eng.cat\/index.php?rest_route=\/wp\/v2\/pages\/3\/revisions"}],"predecessor-version":[{"id":198,"href":"https:\/\/www.serrano-eng.cat\/index.php?rest_route=\/wp\/v2\/pages\/3\/revisions\/198"}],"wp:attachment":[{"href":"https:\/\/www.serrano-eng.cat\/index.php?rest_route=%2Fwp%2Fv2%2Fmedia&parent=3"}],"curies":[{"name":"wp","href":"https:\/\/api.w.org\/{rel}","templated":true}]}}